{"id":7664,"date":"2021-02-15T18:37:11","date_gmt":"2021-02-15T17:37:11","guid":{"rendered":"https:\/\/eilert-akademie.com\/basisausbildung-applied-neuroscience\/"},"modified":"2025-06-18T14:24:36","modified_gmt":"2025-06-18T12:24:36","slug":"basisausbildung-applied-neuroscience","status":"publish","type":"page","link":"https:\/\/eilert-akademie.com\/at\/basisausbildung-applied-neuroscience\/","title":{"rendered":"Basisausbildung \u201eApplied Neuroscience\u201c"},"content":{"rendered":"<p><div class=\"fusion-fullwidth fullwidth-box fusion-builder-row-1 fusion-flex-container nonhundred-percent-fullwidth non-hundred-percent-height-scrolling\" style=\"--awb-border-radius-top-left:0px;--awb-border-radius-top-right:0px;--awb-border-radius-bottom-right:0px;--awb-border-radius-bottom-left:0px;--awb-background-color:#2e394b;--awb-flex-wrap:wrap;\" ><div class=\"fusion-builder-row fusion-row fusion-flex-align-items-center fusion-flex-justify-content-center fusion-flex-content-wrap\" style=\"max-width:1248px;margin-left: calc(-4% \/ 2 );margin-right: calc(-4% \/ 2 );\"><div class=\"fusion-layout-column fusion_builder_column fusion-builder-column-0 fusion_builder_column_1_1 1_1 fusion-flex-column fusion-flex-align-self-center\" style=\"--awb-padding-top:20px;--awb-bg-size:cover;--awb-width-large:100%;--awb-margin-top-large:0px;--awb-spacing-right-large:1.92%;--awb-margin-bottom-large:20px;--awb-spacing-left-large:1.92%;--awb-width-medium:100%;--awb-order-medium:0;--awb-spacing-right-medium:1.92%;--awb-spacing-left-medium:1.92%;--awb-width-small:100%;--awb-order-small:0;--awb-spacing-right-small:1.92%;--awb-spacing-left-small:1.92%;\"><div class=\"fusion-column-wrapper fusion-column-has-shadow fusion-flex-justify-content-center fusion-content-layout-column\"><div class=\"fusion-text fusion-text-1 weiss\" style=\"--awb-content-alignment:center;\"><p><strong>Die Seminare finden als Webucation statt.<\/strong> <span class=\"rot\">Web<\/span>ucation bedeutet: Trainieren im digitalen Lernraum &#8211; mit motivierender<br \/>\nWissensvermittlung und interaktiven Kleingruppen-\u00dcbungen.<br \/>\nDer wertvolle Nebeneffekt: Sie erweitern Ihre Coachingkompetenz im digitalen Raum.<\/p>\n<\/div><\/div><\/div><\/div><\/div><div class=\"fusion-fullwidth fullwidth-box fusion-builder-row-2 fusion-flex-container nonhundred-percent-fullwidth non-hundred-percent-height-scrolling\" style=\"--awb-border-radius-top-left:0px;--awb-border-radius-top-right:0px;--awb-border-radius-bottom-right:0px;--awb-border-radius-bottom-left:0px;--awb-margin-top:40px;--awb-flex-wrap:wrap;\" ><div class=\"fusion-builder-row fusion-row fusion-flex-align-items-flex-start fusion-flex-content-wrap\" style=\"max-width:1248px;margin-left: calc(-4% \/ 2 );margin-right: calc(-4% \/ 2 );\"><div class=\"fusion-layout-column fusion_builder_column fusion-builder-column-1 fusion_builder_column_1_1 1_1 fusion-flex-column\" style=\"--awb-bg-size:cover;--awb-width-large:100%;--awb-margin-top-large:0px;--awb-spacing-right-large:1.92%;--awb-margin-bottom-large:20px;--awb-spacing-left-large:1.92%;--awb-width-medium:100%;--awb-spacing-right-medium:1.92%;--awb-spacing-left-medium:1.92%;--awb-width-small:100%;--awb-spacing-right-small:1.92%;--awb-spacing-left-small:1.92%;\"><div class=\"fusion-column-wrapper fusion-column-has-shadow fusion-flex-justify-content-flex-start fusion-content-layout-column\"><div class=\"fusion-title title fusion-title-1 fusion-sep-none fusion-title-center fusion-title-text fusion-title-size-one\" style=\"--awb-text-color:#3c3c3b;--awb-margin-top-small:10px;--awb-margin-right-small:0px;--awb-margin-bottom-small:10px;--awb-margin-left-small:0px;--awb-font-size:40px;\"><h1 class=\"fusion-title-heading title-heading-center fusion-responsive-typography-calculated\" style=\"margin:0;font-size:1em;--fontSize:40;line-height:1.16;\">Basisausbildung<br \/>\n\u201eApplied Neuroscience\u201c<\/h1><\/div><div class=\"fusion-separator\" style=\"align-self: center;margin-left: auto;margin-right: auto;margin-bottom:20px;width:100%;max-width:20%;\"><div class=\"fusion-separator-border sep-single\" style=\"--awb-height:20px;--awb-amount:20px;--awb-sep-color:#d30145;border-color:#d30145;border-top-width:4px;\"><\/div><\/div><div class=\"fusion-text fusion-text-2\" style=\"--awb-content-alignment:center;\"><p>Trotz \u2013 oder gerade wegen \u2013 seiner Komplexit\u00e4t ist das menschliche Gehirn faszinierend und f\u00fcr alle im weitesten Sinne therapeutisch T\u00e4tigen sowie professionelle Coaches von hoher Praxisrelevanz. So spielt die &#8218;Funktionelle Neuroanatomie&#8216; eine zunehmend wichtige Rolle im Rahmen aller Wissenschaften vom Menschen, stellt sie doch das Fundament dar, auf dem die vielschichtigen Funktionskonzepte zum Gehirn ruhen. Zugleich erscheint vielen Interessierten der komplexe Stoff als kaum zu bew\u00e4ltigende H\u00fcrde.<\/p>\n<\/div><\/div><\/div><\/div><\/div><div class=\"fusion-fullwidth fullwidth-box fusion-builder-row-3 fusion-flex-container nonhundred-percent-fullwidth non-hundred-percent-height-scrolling\" style=\"--link_hover_color: #000000;--link_color: #d30145;--awb-border-radius-top-left:0px;--awb-border-radius-top-right:0px;--awb-border-radius-bottom-right:0px;--awb-border-radius-bottom-left:0px;--awb-flex-wrap:wrap;\" ><div class=\"fusion-builder-row fusion-row fusion-flex-align-items-flex-start fusion-flex-content-wrap\" style=\"max-width:1248px;margin-left: calc(-4% \/ 2 );margin-right: calc(-4% \/ 2 );\"><div class=\"fusion-layout-column fusion_builder_column fusion-builder-column-2 fusion_builder_column_1_2 1_2 fusion-flex-column\" style=\"--awb-bg-size:cover;--awb-width-large:50%;--awb-margin-top-large:0px;--awb-spacing-right-large:3.84%;--awb-margin-bottom-large:20px;--awb-spacing-left-large:3.84%;--awb-width-medium:100%;--awb-order-medium:0;--awb-spacing-right-medium:1.92%;--awb-spacing-left-medium:1.92%;--awb-width-small:100%;--awb-order-small:0;--awb-spacing-right-small:1.92%;--awb-spacing-left-small:1.92%;\"><div class=\"fusion-column-wrapper fusion-column-has-shadow fusion-flex-justify-content-flex-start fusion-content-layout-column\"><div class=\"fusion-text fusion-text-3\"><p>Unser didaktisches Konzept, das sich durch einen hohen Grad an Strukturierung und Anschaulichkeit auszeichnet, erm\u00f6glicht Ihnen ein umfangreiches Verst\u00e4ndnis der Funktionellen Neuroanatomie und mithin zahlreicher systemtheoretischer, medizinischer, psychologischer und neurowissenschaftlicher Konzeptionen versetzt es Sie in die Lage, fundierte Antworten auf folgende Fragen zu geben: Was ist ein komplexes System? Welche neuronalen Prozesse liegen dem Psychischen zugrunde? Wie entstehen Geist und Bewusstsein und was f\u00fchrt zu ver\u00e4nderten Bewusstseinszust\u00e4nden? Was bringt Gef\u00fchle hervor? Wie bilden sich Gewohnheiten aus und warum lassen sie sich so schwer ver\u00e4ndern? Was unterst\u00fctzt Ver\u00e4nderungsprozesse?<\/p>\n<h2>Neuroscience aus ganzheitlicher Perspektive<\/h2>\n<p>Und wir gehen noch einen Schritt weiter, denn in \u201esystemischer\u201c Tradition fassen wir den Menschen als Einheit auf, die ihre Balance in einem ausgewogenen Zusammenspiel aller K\u00f6rpersysteme gewinnt. Das Gehirn &#8211; als Tr\u00e4ger des Psychischen &#8211; f\u00fchrt alle Elemente zusammen und darf doch nicht isoliert betrachtet werden. Erst die Idee der bio-psycho-sozialen Wechselwirkungen komplettiert unser Bild und sie lenkt unsere spannende Lernrundreise auch zur faszinierenden Psychoneuroimmunologie und damit zur Frage, wie Geist, Gehirn und K\u00f6rper miteinander wechselwirken, einander gar bedingen.<\/p>\n<\/div><div class=\"fusion-builder-row fusion-builder-row-inner fusion-row fusion-flex-align-items-flex-start fusion-flex-content-wrap\" style=\"--awb-flex-grow:0;--awb-flex-grow-medium:0;--awb-flex-grow-small:0;--awb-flex-shrink:0;--awb-flex-shrink-medium:0;--awb-flex-shrink-small:0;width:104% !important;max-width:104% !important;margin-left: calc(-4% \/ 2 );margin-right: calc(-4% \/ 2 );\"><div class=\"fusion-layout-column fusion_builder_column_inner fusion-builder-nested-column-0 fusion_builder_column_inner_1_1 1_1 fusion-flex-column\" style=\"--awb-padding-top:5px;--awb-padding-right:10px;--awb-padding-bottom:10px;--awb-padding-left:10px;--awb-bg-color:#f9f9fb;--awb-bg-color-hover:#f9f9fb;--awb-bg-size:cover;--awb-box-shadow:2px 1px 3px 2px #b5b5b5;;--awb-border-color:#d30145;--awb-border-top:1px;--awb-border-right:1px;--awb-border-bottom:1px;--awb-border-left:1px;--awb-border-style:solid;--awb-width-large:100%;--awb-margin-top-large:0px;--awb-spacing-right-large:1.92%;--awb-margin-bottom-large:20px;--awb-spacing-left-large:1.92%;--awb-width-medium:100%;--awb-order-medium:0;--awb-spacing-right-medium:1.92%;--awb-spacing-left-medium:1.92%;--awb-width-small:100%;--awb-order-small:0;--awb-spacing-right-small:1.92%;--awb-spacing-left-small:1.92%;\"><div class=\"fusion-column-wrapper fusion-column-has-shadow fusion-flex-justify-content-flex-start fusion-content-layout-column\"><div class=\"fusion-text fusion-text-4\"><h4>Lernen Sie bequem von zu Hause oder vor Ort:<\/h4>\n<p>Die Basisausbildung findet als Hybrid-Seminar statt, d.h., Sie k\u00f6nnen vor Ort teilnehmen oder online via Videokonferenz.<\/p>\n<\/div><\/div><\/div><\/div><div class=\"fusion-text fusion-text-5\"><p><strong>Pr\u00fcfung und Abschluss<\/strong><\/p>\n<p>Multiple Choice-Fragen, die wir nach jedem Kurstag f\u00fcr Sie bereitstellen, und eine m\u00fcndliche Kurzpr\u00e4sentation unterst\u00fctzen die Festigung der Lehrinhalte und f\u00fchren mit Abschluss der zwei Basismodule zum Erwerb des Titels: Certified Practitioner of Applied Neuroscience.<\/p>\n<\/div><\/div><\/div><div class=\"fusion-layout-column fusion_builder_column fusion-builder-column-3 fusion_builder_column_1_2 1_2 fusion-flex-column\" style=\"--awb-bg-size:cover;--awb-width-large:50%;--awb-margin-top-large:0px;--awb-spacing-right-large:3.84%;--awb-margin-bottom-large:20px;--awb-spacing-left-large:3.84%;--awb-width-medium:100%;--awb-order-medium:0;--awb-spacing-right-medium:1.92%;--awb-spacing-left-medium:1.92%;--awb-width-small:100%;--awb-order-small:0;--awb-spacing-right-small:1.92%;--awb-spacing-left-small:1.92%;\"><div class=\"fusion-column-wrapper fusion-column-has-shadow fusion-flex-justify-content-flex-start fusion-content-layout-column\"><div class=\"fusion-tabs fusion-tabs-1 classic nav-is-justified horizontal-tabs icon-position-left mobile-mode-accordion\" style=\"--awb-title-border-radius-top-left:0px;--awb-title-border-radius-top-right:0px;--awb-title-border-radius-bottom-right:0px;--awb-title-border-radius-bottom-left:0px;--awb-alignment:start;--awb-inactive-color:#f9f9fb;--awb-background-color:#ffffff;--awb-border-color:#e2e2e2;--awb-active-border-color:#95c11f;\"><div class=\"nav\"><ul class=\"nav-tabs nav-justified\" role=\"tablist\" aria-orientation=\"horizontal\"><li class=\"active\" role=\"presentation\"><a class=\"tab-link\" data-toggle=\"tab\" role=\"tab\" aria-controls=\"tab-d5c5d77bf7b4fd98d12\" aria-selected=\"true\" tabindex=\"0\" id=\"fusion-tab-d5c5d77bf7b4fd98d12\" href=\"#tab-d5c5d77bf7b4fd98d12\"><h4 class=\"fusion-tab-heading\">Seminarinhalte<\/h4><\/a><\/li><li  role=\"presentation\"><a class=\"tab-link\" data-toggle=\"tab\" role=\"tab\" aria-controls=\"tab-9265bc067b8a6fc9f18\" aria-selected=\"false\" tabindex=\"-1\" id=\"fusion-tab-9265bc067b8a6fc9f18\" href=\"#tab-9265bc067b8a6fc9f18\"><h4 class=\"fusion-tab-heading\">Informationen<\/h4><\/a><\/li><\/ul><\/div><div class=\"tab-content\"><div class=\"nav fusion-mobile-tab-nav\"><ul class=\"nav-tabs nav-justified\" role=\"tablist\" aria-orientation=\"horizontal\"><li class=\"active\" role=\"presentation\"><a class=\"tab-link\" data-toggle=\"tab\" role=\"tab\" aria-controls=\"tab-d5c5d77bf7b4fd98d12\" aria-selected=\"true\" tabindex=\"0\" id=\"mobile-fusion-tab-d5c5d77bf7b4fd98d12\" href=\"#tab-d5c5d77bf7b4fd98d12\"><h4 class=\"fusion-tab-heading\">Seminarinhalte<\/h4><\/a><\/li><\/ul><\/div><div class=\"tab-pane fade fusion-clearfix in active\" role=\"tabpanel\" tabindex=\"0\" aria-labelledby=\"fusion-tab-d5c5d77bf7b4fd98d12\" id=\"tab-d5c5d77bf7b4fd98d12\">\n<div class=\"table-2\">\n<table width=\"100%\">\n<tbody>\n<tr>\n<td bgcolor=\"#f2f1f1\"><strong>Basisausbildung \u201eApplied Neuroscience\u201c:<\/strong><\/td>\n<\/tr>\n<tr>\n<td>Historisches zur Neurowissenschaft<\/td>\n<\/tr>\n<tr>\n<td>Systemtheoretische Perspektiven<\/td>\n<\/tr>\n<tr>\n<td>Gehirn als komplexes System<\/td>\n<\/tr>\n<tr>\n<td>Neuronen und Gliazellen<\/td>\n<\/tr>\n<tr>\n<td>Grundlagen der Neurophysiologie<\/td>\n<\/tr>\n<tr>\n<td>Neurotransmittersysteme<\/td>\n<\/tr>\n<tr>\n<td>Funktionelle Neuroanatomie: Das Gehirn in Bau und Funktion<\/td>\n<\/tr>\n<tr>\n<td>Neuronale Mechanismen von Gef\u00fchl, Emotion, Motivation, Aufmerksamkeit, Bewusstsein<\/td>\n<\/tr>\n<tr>\n<td>Ver\u00e4nderte Bewusstseinszust\u00e4nde, Schlaf und Traum<\/td>\n<\/tr>\n<tr>\n<td>Das bewegte Gehirn<\/td>\n<\/tr>\n<tr>\n<td>Willenshandlung und Entscheidungsstrategien<\/td>\n<\/tr>\n<tr>\n<td>Therapie, Coaching und Gehirnprozesse<\/td>\n<\/tr>\n<tr>\n<td>Gehirn, K\u00f6rper, Gesundheit: Grundlagen zur Psychoneuroimmunologie und Einf\u00fchrung in eine moderne Psychosomatik<\/td>\n<\/tr>\n<\/tbody>\n<\/table>\n<\/div>\n<\/div><div class=\"nav fusion-mobile-tab-nav\"><ul class=\"nav-tabs nav-justified\" role=\"tablist\" aria-orientation=\"horizontal\"><li  role=\"presentation\"><a class=\"tab-link\" data-toggle=\"tab\" role=\"tab\" aria-controls=\"tab-9265bc067b8a6fc9f18\" aria-selected=\"false\" tabindex=\"-1\" id=\"mobile-fusion-tab-9265bc067b8a6fc9f18\" href=\"#tab-9265bc067b8a6fc9f18\"><h4 class=\"fusion-tab-heading\">Informationen<\/h4><\/a><\/li><\/ul><\/div><div class=\"tab-pane fade fusion-clearfix\" role=\"tabpanel\" tabindex=\"0\" aria-labelledby=\"fusion-tab-9265bc067b8a6fc9f18\" id=\"tab-9265bc067b8a6fc9f18\">\n<div class=\"table-2\">\n<table width=\"100%\">\n<tbody>\n<tr>\n<td bgcolor=\"#f2f1f1\"><strong>Teilnehmer:<\/strong><\/td>\n<\/tr>\n<tr>\n<td align=\"left\" valign=\"top\">Pr\u00e4senztraining begrenzt auf max. 18 Teilnehmer:innen<\/td>\n<\/tr>\n<tr>\n<td bgcolor=\"#f2f1f1\"><strong>Dauer:<\/strong><\/td>\n<\/tr>\n<tr>\n<td><strong>Seminar:<\/strong><br \/>\n4 Tage (jeweils 1.-3. 10-18 Uhr, 4. Tag von 10-17 Uhr)<strong>Onlinetraining:<\/strong><br \/>\n30 Std. vorbereitende Online-Vorlesung, sowie 15 Std. wiederholende und vertiefende Video-Lerneinheiten nach dem Seminar.<\/td>\n<\/tr>\n<tr>\n<td bgcolor=\"#f2f1f1\"><strong>Trainer:<\/strong><\/td>\n<\/tr>\n<tr>\n<td><a href=\"..\/dr-damir-del-monte\/\">Dr. Dr. Damir del Monte<\/a><\/td>\n<\/tr>\n<tr>\n<td bgcolor=\"#f2f1f1\"><strong>Veranstaltungsort:<\/strong><\/td>\n<\/tr>\n<tr>\n<td>Eilert-Akademie Berlin oder digitaler Lernraum<\/td>\n<\/tr>\n<tr>\n<td bgcolor=\"#f2f1f1\"><strong>Investition:<\/strong><\/td>\n<\/tr>\n<tr>\n<td><strong>1.650,- \u20ac zzgl. MwSt.<\/strong><\/p>\n<div class=\"\">Dieser Kurs richtet sich an professionelle Coaches, Trainer und Therapeuten, sodass hier der Nettopreis angegeben ist.<\/div>\n<div><\/div>\n<div class=\"\">Die wiederholte Teilnahme an diesem Seminar ist kostenfrei.<\/div>\n<\/td>\n<\/tr>\n<tr>\n<td bgcolor=\"#f2f1f1\"><strong>\u00dcbernachtungsm\u00f6glichkeiten:<\/strong><\/td>\n<\/tr>\n<tr>\n<td>\u00dcbernachtung im Wellnesshotel <a href=\"https:\/\/eilert-akademie.com\/berlin-spezialangebot\/\">Centrovital<\/a>\u00a0inkl. Fr\u00fchst\u00fcck<br \/>\nim EZ<strong> 117,- zzgl. MwSt.<\/strong>im DZ<strong> 149,- zzgl. MwSt.<\/strong><\/p>\n<p><a href=\"https:\/\/reiseauskunft.bahn.de\" target=\"_blank\" rel=\"noopener\">Hier kommen Sie zur Reiseauskunft der Deutschen Bahn<\/a><br \/>\nZielbahnhof Berlin Spandau<\/td>\n<\/tr>\n<tr>\n<td bgcolor=\"#f2f1f1\"><strong>Zertifikat:<\/strong><\/td>\n<\/tr>\n<tr>\n<td>Certified Practitioner of Applied Neuroscience<\/td>\n<\/tr>\n<\/tbody>\n<\/table>\n<\/div>\n<\/div><\/div><\/div><\/div><\/div><\/div><\/div><div class=\"fusion-fullwidth fullwidth-box fusion-builder-row-4 fusion-flex-container nonhundred-percent-fullwidth non-hundred-percent-height-scrolling\" style=\"--awb-border-radius-top-left:0px;--awb-border-radius-top-right:0px;--awb-border-radius-bottom-right:0px;--awb-border-radius-bottom-left:0px;--awb-flex-wrap:wrap;\" ><div class=\"fusion-builder-row fusion-row fusion-flex-align-items-flex-start fusion-flex-content-wrap\" style=\"max-width:1248px;margin-left: calc(-4% \/ 2 );margin-right: calc(-4% \/ 2 );\"><div class=\"fusion-layout-column fusion_builder_column fusion-builder-column-4 fusion_builder_column_1_1 1_1 fusion-flex-column\" style=\"--awb-bg-size:cover;--awb-width-large:100%;--awb-margin-top-large:0px;--awb-spacing-right-large:1.92%;--awb-margin-bottom-large:20px;--awb-spacing-left-large:1.92%;--awb-width-medium:100%;--awb-order-medium:0;--awb-spacing-right-medium:1.92%;--awb-spacing-left-medium:1.92%;--awb-width-small:100%;--awb-order-small:0;--awb-spacing-right-small:1.92%;--awb-spacing-left-small:1.92%;\"><div class=\"fusion-column-wrapper fusion-column-has-shadow fusion-flex-justify-content-flex-start fusion-content-layout-column\"><div class=\"fusion-title title fusion-title-2 fusion-sep-none fusion-title-center fusion-title-text fusion-title-size-two\" style=\"--awb-text-color:#3c3c3b;--awb-margin-top-small:10px;--awb-margin-right-small:0px;--awb-margin-bottom-small:10px;--awb-margin-left-small:0px;--awb-font-size:24px;\"><h2 class=\"fusion-title-heading title-heading-center fusion-responsive-typography-calculated\" style=\"margin:0;font-size:1em;--fontSize:24;line-height:1.25;\"><h3>Aktuelle Termine<\/h3><\/h2><\/div><div class=\"fusion-text fusion-text-6\"><p style=\"text-align: center;\">Termine f\u00fcr diese Veranstaltung werden aktuell nur von der Eilert-Akademie Deutschland angeboten.<\/p>\n<\/div><script type='text\/javascript' src=\"https:\/\/evidenz.de\/download\/iframe_js_code.js\"><\/script>\n<style>\n       .errordiv { padding:10px; margin:10px; border: 1px solid #555555;color: #000000;background-color: #f8f8f8; width:500px; }#evidenz_obs {visibility:visible;opacity:1;vertical-align:top;}.ai-info-bottom-iframe { position: fixed; z-index: 10000; bottom:0; left: 0; margin: 0px; text-align: center; width: 100%; background-color: #ff9999; padding-left: 5px;padding-bottom: 5px; border-top: 1px solid #aaa } a.ai-bold {font-weight: bold;}#ai-layer-div-evidenz_obs p {height:100%;margin:0;padding:0}<\/style><script type=\"text\/javascript\">var ai_iframe_width_evidenz_obs = 0;var ai_iframe_height_evidenz_obs = 0;var aiOnloadScrollTop=\"true\";var aiShowDebug=false;\n\t\tif (typeof aiReadyCallbacks === 'undefined') {\n\t\t\tvar aiReadyCallbacks = [];\n\t\t} else if (!(aiReadyCallbacks instanceof Array)) {\n\t\t\tvar aiReadyCallbacks = [];\n\t\t}    function aiShowIframeId(id_iframe) { jQuery(\"#\"+id_iframe).css(\"visibility\", \"visible\");    }    function aiResizeIframeHeight(height) { aiResizeIframeHeight(height,evidenz_obs); }    function aiResizeIframeHeightId(height,width,id) {aiResizeIframeHeightById(id,height);}<\/script><iframe id=\"evidenz_obs\"  name=\"evidenz_obs\"  src=\"https:\/\/buchung.eilert-akademie.com\/?th_id=595\"  width=\"100%\"  height=\"800\"  frameborder=\"0\"  border=\"0\"  allowtransparency=\"true\"  loading=\"lazy\"  style=\";border-width: 0px;;border: none;;width:100%;;height:800px;;width:1px;min-width:100%;max-width:100%;\" ><\/iframe><script type=\"text\/javascript\">var ifrm_evidenz_obs = document.getElementById(\"evidenz_obs\");var hiddenTabsDoneevidenz_obs = false;\nfunction resizeCallbackevidenz_obs() {}var recalculateIframeResizeevidenz_obs = 0;\n        var recalculateIframeOrientationchangeevidenz_obs = 0;\n        var aiWindowWidth = 0;\n\t\tfunction recalculateIframeevidenz_obs() {\n          clearTimeout(recalculateIframeResizeevidenz_obs);\n          clearTimeout(recalculateIframeOrientationchangeevidenz_obs);}\n        function initResponsiveIframeevidenz_obs() {\n          jQuery(window).resize(function() {\n\t\t\t recalculateIframeResizeevidenz_obs = window.setTimeout(\"recalculateIframeevidenz_obs()\",100);\n          });\n          if (window.addEventListener) {\n            window.addEventListener(\"orientationchange\", function() {\n               recalculateIframeOrientationchangeevidenz_obs = window.setTimeout(\"recalculateIframeevidenz_obs()\",100);\n            }, false);\n          }\n        }\n        aiReadyCallbacks.push(initResponsiveIframeevidenz_obs);<\/script><style>#evidenz_obs {width: 1px !important;min-width:100% !important;max-width:100% !important;}<\/style><script type=\"text\/javascript\"><\/script><\/div><\/div><\/div><\/div><\/p>\n","protected":false},"excerpt":{"rendered":"","protected":false},"author":1,"featured_media":0,"parent":0,"menu_order":0,"comment_status":"closed","ping_status":"closed","template":"100-width.php","meta":{"_acf_changed":false,"footnotes":""},"class_list":["post-7664","page","type-page","status-publish","hentry"],"acf":[],"yoast_head":"<!-- This site is optimized with the Yoast SEO plugin v27.5 - https:\/\/yoast.com\/product\/yoast-seo-wordpress\/ -->\n<title>Basisausbildung \u201eApplied Neuroscience\u201c<\/title>\n<meta name=\"description\" content=\"Basisausbildung \u201eApplied Neuroscience\u201c erm\u00f6glicht Ihnen ein umfangreiches Verst\u00e4ndnis der Funktionellen Neuroanatomie und mithin zahlreicher systemtheoretischer, medizinischer, psychologischer und neurowissenschaftlicher Konzeptionen und versetzt Sie in die Lage, fundierte...\" \/>\n<meta name=\"robots\" content=\"index, follow, max-snippet:-1, max-image-preview:large, max-video-preview:-1\" \/>\n<link rel=\"canonical\" href=\"https:\/\/eilert-akademie.com\/at\/basisausbildung-applied-neuroscience\/\" \/>\n<meta property=\"og:locale\" content=\"de_DE\" \/>\n<meta property=\"og:type\" content=\"article\" \/>\n<meta property=\"og:title\" content=\"Basisausbildung \u201eApplied Neuroscience\u201c\" \/>\n<meta property=\"og:description\" content=\"Basisausbildung \u201eApplied Neuroscience\u201c erm\u00f6glicht Ihnen ein umfangreiches Verst\u00e4ndnis der Funktionellen Neuroanatomie und mithin zahlreicher systemtheoretischer, medizinischer, psychologischer und neurowissenschaftlicher Konzeptionen und versetzt Sie in die Lage, fundierte...\" \/>\n<meta property=\"og:url\" content=\"https:\/\/eilert-akademie.com\/at\/basisausbildung-applied-neuroscience\/\" \/>\n<meta property=\"og:site_name\" content=\"Eilert-Akademie | The Science of Emotions\" \/>\n<meta property=\"article:publisher\" content=\"https:\/\/www.facebook.com\/EilertAkademie\" \/>\n<meta property=\"article:modified_time\" content=\"2025-06-18T12:24:36+00:00\" \/>\n<meta name=\"twitter:card\" content=\"summary_large_image\" \/>\n<meta name=\"twitter:site\" content=\"@EilertAkademie\" \/>\n<meta name=\"twitter:label1\" content=\"Gesch\u00e4tzte Lesezeit\" \/>\n\t<meta name=\"twitter:data1\" content=\"3 Minuten\" \/>\n<script type=\"application\/ld+json\" class=\"yoast-schema-graph\">{\"@context\":\"https:\\\/\\\/schema.org\",\"@graph\":[{\"@type\":\"WebPage\",\"@id\":\"https:\\\/\\\/eilert-akademie.com\\\/at\\\/basisausbildung-applied-neuroscience\\\/\",\"url\":\"https:\\\/\\\/eilert-akademie.com\\\/at\\\/basisausbildung-applied-neuroscience\\\/\",\"name\":\"Basisausbildung \u201eApplied Neuroscience\u201c\",\"isPartOf\":{\"@id\":\"https:\\\/\\\/eilert-akademie.com\\\/at\\\/#website\"},\"datePublished\":\"2021-02-15T17:37:11+00:00\",\"dateModified\":\"2025-06-18T12:24:36+00:00\",\"description\":\"Basisausbildung \u201eApplied Neuroscience\u201c erm\u00f6glicht Ihnen ein umfangreiches Verst\u00e4ndnis der Funktionellen Neuroanatomie und mithin zahlreicher systemtheoretischer, medizinischer, psychologischer und neurowissenschaftlicher Konzeptionen und versetzt Sie in die Lage, fundierte...\",\"breadcrumb\":{\"@id\":\"https:\\\/\\\/eilert-akademie.com\\\/at\\\/basisausbildung-applied-neuroscience\\\/#breadcrumb\"},\"inLanguage\":\"de-AT\",\"potentialAction\":[{\"@type\":\"ReadAction\",\"target\":[\"https:\\\/\\\/eilert-akademie.com\\\/at\\\/basisausbildung-applied-neuroscience\\\/\"]}]},{\"@type\":\"BreadcrumbList\",\"@id\":\"https:\\\/\\\/eilert-akademie.com\\\/at\\\/basisausbildung-applied-neuroscience\\\/#breadcrumb\",\"itemListElement\":[{\"@type\":\"ListItem\",\"position\":1,\"name\":\"Startseite\",\"item\":\"https:\\\/\\\/eilert-akademie.com\\\/at\\\/\"},{\"@type\":\"ListItem\",\"position\":2,\"name\":\"Basisausbildung \u201eApplied Neuroscience\u201c\"}]},{\"@type\":\"WebSite\",\"@id\":\"https:\\\/\\\/eilert-akademie.com\\\/at\\\/#website\",\"url\":\"https:\\\/\\\/eilert-akademie.com\\\/at\\\/\",\"name\":\"Eilert-Akademie | The Science of Emotions\",\"description\":\"Ausbildung zum emTrace-Coach, zum Mimikresonanz-Trainer und zum Mesource-Facilitator. Mit drei S\u00e4ulen zum Experten f\u00fcr emotionale Intelligenz.\",\"publisher\":{\"@id\":\"https:\\\/\\\/eilert-akademie.com\\\/at\\\/#organization\"},\"potentialAction\":[{\"@type\":\"SearchAction\",\"target\":{\"@type\":\"EntryPoint\",\"urlTemplate\":\"https:\\\/\\\/eilert-akademie.com\\\/at\\\/?s={search_term_string}\"},\"query-input\":{\"@type\":\"PropertyValueSpecification\",\"valueRequired\":true,\"valueName\":\"search_term_string\"}}],\"inLanguage\":\"de-AT\"},{\"@type\":\"Organization\",\"@id\":\"https:\\\/\\\/eilert-akademie.com\\\/at\\\/#organization\",\"name\":\"Eilert-Akademie\",\"url\":\"https:\\\/\\\/eilert-akademie.com\\\/at\\\/\",\"logo\":{\"@type\":\"ImageObject\",\"inLanguage\":\"de-AT\",\"@id\":\"https:\\\/\\\/eilert-akademie.com\\\/at\\\/#\\\/schema\\\/logo\\\/image\\\/\",\"url\":\"https:\\\/\\\/eilert-akademie.com\\\/wp-content\\\/uploads\\\/2020\\\/07\\\/eilert-akademie-logo.png\",\"contentUrl\":\"https:\\\/\\\/eilert-akademie.com\\\/wp-content\\\/uploads\\\/2020\\\/07\\\/eilert-akademie-logo.png\",\"width\":326,\"height\":112,\"caption\":\"Eilert-Akademie\"},\"image\":{\"@id\":\"https:\\\/\\\/eilert-akademie.com\\\/at\\\/#\\\/schema\\\/logo\\\/image\\\/\"},\"sameAs\":[\"https:\\\/\\\/www.facebook.com\\\/EilertAkademie\",\"https:\\\/\\\/x.com\\\/EilertAkademie\",\"https:\\\/\\\/www.instagram.com\\\/eilertakademie\\\/\",\"https:\\\/\\\/de.wikipedia.org\\\/wiki\\\/Dirk_Eilert\"]}]}<\/script>\n<!-- \/ Yoast SEO plugin. -->","yoast_head_json":{"title":"Basisausbildung \u201eApplied Neuroscience\u201c","description":"Basisausbildung \u201eApplied Neuroscience\u201c erm\u00f6glicht Ihnen ein umfangreiches Verst\u00e4ndnis der Funktionellen Neuroanatomie und mithin zahlreicher systemtheoretischer, medizinischer, psychologischer und neurowissenschaftlicher Konzeptionen und versetzt Sie in die Lage, fundierte...","robots":{"index":"index","follow":"follow","max-snippet":"max-snippet:-1","max-image-preview":"max-image-preview:large","max-video-preview":"max-video-preview:-1"},"canonical":"https:\/\/eilert-akademie.com\/at\/basisausbildung-applied-neuroscience\/","og_locale":"de_DE","og_type":"article","og_title":"Basisausbildung \u201eApplied Neuroscience\u201c","og_description":"Basisausbildung \u201eApplied Neuroscience\u201c erm\u00f6glicht Ihnen ein umfangreiches Verst\u00e4ndnis der Funktionellen Neuroanatomie und mithin zahlreicher systemtheoretischer, medizinischer, psychologischer und neurowissenschaftlicher Konzeptionen und versetzt Sie in die Lage, fundierte...","og_url":"https:\/\/eilert-akademie.com\/at\/basisausbildung-applied-neuroscience\/","og_site_name":"Eilert-Akademie | The Science of Emotions","article_publisher":"https:\/\/www.facebook.com\/EilertAkademie","article_modified_time":"2025-06-18T12:24:36+00:00","twitter_card":"summary_large_image","twitter_site":"@EilertAkademie","twitter_misc":{"Gesch\u00e4tzte Lesezeit":"3 Minuten"},"schema":{"@context":"https:\/\/schema.org","@graph":[{"@type":"WebPage","@id":"https:\/\/eilert-akademie.com\/at\/basisausbildung-applied-neuroscience\/","url":"https:\/\/eilert-akademie.com\/at\/basisausbildung-applied-neuroscience\/","name":"Basisausbildung \u201eApplied Neuroscience\u201c","isPartOf":{"@id":"https:\/\/eilert-akademie.com\/at\/#website"},"datePublished":"2021-02-15T17:37:11+00:00","dateModified":"2025-06-18T12:24:36+00:00","description":"Basisausbildung \u201eApplied Neuroscience\u201c erm\u00f6glicht Ihnen ein umfangreiches Verst\u00e4ndnis der Funktionellen Neuroanatomie und mithin zahlreicher systemtheoretischer, medizinischer, psychologischer und neurowissenschaftlicher Konzeptionen und versetzt Sie in die Lage, fundierte...","breadcrumb":{"@id":"https:\/\/eilert-akademie.com\/at\/basisausbildung-applied-neuroscience\/#breadcrumb"},"inLanguage":"de-AT","potentialAction":[{"@type":"ReadAction","target":["https:\/\/eilert-akademie.com\/at\/basisausbildung-applied-neuroscience\/"]}]},{"@type":"BreadcrumbList","@id":"https:\/\/eilert-akademie.com\/at\/basisausbildung-applied-neuroscience\/#breadcrumb","itemListElement":[{"@type":"ListItem","position":1,"name":"Startseite","item":"https:\/\/eilert-akademie.com\/at\/"},{"@type":"ListItem","position":2,"name":"Basisausbildung \u201eApplied Neuroscience\u201c"}]},{"@type":"WebSite","@id":"https:\/\/eilert-akademie.com\/at\/#website","url":"https:\/\/eilert-akademie.com\/at\/","name":"Eilert-Akademie | The Science of Emotions","description":"Ausbildung zum emTrace-Coach, zum Mimikresonanz-Trainer und zum Mesource-Facilitator. Mit drei S\u00e4ulen zum Experten f\u00fcr emotionale Intelligenz.","publisher":{"@id":"https:\/\/eilert-akademie.com\/at\/#organization"},"potentialAction":[{"@type":"SearchAction","target":{"@type":"EntryPoint","urlTemplate":"https:\/\/eilert-akademie.com\/at\/?s={search_term_string}"},"query-input":{"@type":"PropertyValueSpecification","valueRequired":true,"valueName":"search_term_string"}}],"inLanguage":"de-AT"},{"@type":"Organization","@id":"https:\/\/eilert-akademie.com\/at\/#organization","name":"Eilert-Akademie","url":"https:\/\/eilert-akademie.com\/at\/","logo":{"@type":"ImageObject","inLanguage":"de-AT","@id":"https:\/\/eilert-akademie.com\/at\/#\/schema\/logo\/image\/","url":"https:\/\/eilert-akademie.com\/wp-content\/uploads\/2020\/07\/eilert-akademie-logo.png","contentUrl":"https:\/\/eilert-akademie.com\/wp-content\/uploads\/2020\/07\/eilert-akademie-logo.png","width":326,"height":112,"caption":"Eilert-Akademie"},"image":{"@id":"https:\/\/eilert-akademie.com\/at\/#\/schema\/logo\/image\/"},"sameAs":["https:\/\/www.facebook.com\/EilertAkademie","https:\/\/x.com\/EilertAkademie","https:\/\/www.instagram.com\/eilertakademie\/","https:\/\/de.wikipedia.org\/wiki\/Dirk_Eilert"]}]}},"post_mailing_queue_ids":[],"_links":{"self":[{"href":"https:\/\/eilert-akademie.com\/at\/wp-json\/wp\/v2\/pages\/7664","targetHints":{"allow":["GET"]}}],"collection":[{"href":"https:\/\/eilert-akademie.com\/at\/wp-json\/wp\/v2\/pages"}],"about":[{"href":"https:\/\/eilert-akademie.com\/at\/wp-json\/wp\/v2\/types\/page"}],"author":[{"embeddable":true,"href":"https:\/\/eilert-akademie.com\/at\/wp-json\/wp\/v2\/users\/1"}],"replies":[{"embeddable":true,"href":"https:\/\/eilert-akademie.com\/at\/wp-json\/wp\/v2\/comments?post=7664"}],"version-history":[{"count":8,"href":"https:\/\/eilert-akademie.com\/at\/wp-json\/wp\/v2\/pages\/7664\/revisions"}],"predecessor-version":[{"id":20338,"href":"https:\/\/eilert-akademie.com\/at\/wp-json\/wp\/v2\/pages\/7664\/revisions\/20338"}],"wp:attachment":[{"href":"https:\/\/eilert-akademie.com\/at\/wp-json\/wp\/v2\/media?parent=7664"}],"curies":[{"name":"wp","href":"https:\/\/api.w.org\/{rel}","templated":true}]}}