{"id":8066,"date":"2020-11-04T15:18:14","date_gmt":"2020-11-04T14:18:14","guid":{"rendered":"https:\/\/eilert-akademie.com\/impressum\/"},"modified":"2025-08-21T14:47:59","modified_gmt":"2025-08-21T12:47:59","slug":"impressum","status":"publish","type":"page","link":"https:\/\/eilert-akademie.com\/at\/impressum\/","title":{"rendered":"Impressum"},"content":{"rendered":"<p><div class=\"fusion-fullwidth fullwidth-box fusion-builder-row-1 nonhundred-percent-fullwidth non-hundred-percent-height-scrolling\" style=\"--awb-border-radius-top-left:0px;--awb-border-radius-top-right:0px;--awb-border-radius-bottom-right:0px;--awb-border-radius-bottom-left:0px;--awb-background-color:#2e394b;--awb-flex-wrap:wrap;\" ><div class=\"fusion-builder-row fusion-row\"><div class=\"fusion-layout-column fusion_builder_column fusion-builder-column-0 fusion_builder_column_1_1 1_1 fusion-one-full fusion-column-first fusion-column-last\" style=\"--awb-bg-size:cover;--awb-margin-top:30px;\"><div class=\"fusion-column-wrapper fusion-column-has-shadow fusion-flex-column-wrapper-legacy\"><div class=\"fusion-title title fusion-title-1 fusion-sep-none fusion-title-center fusion-title-text fusion-title-size-one\" style=\"--awb-margin-top-small:10px;--awb-margin-right-small:0px;--awb-margin-bottom-small:10px;--awb-margin-left-small:0px;\"><h1 class=\"fusion-title-heading title-heading-center fusion-responsive-typography-calculated\" style=\"margin:0;--fontSize:38;line-height:1.16;\">Impressum<\/h1><\/div><div class=\"fusion-clearfix\"><\/div><\/div><\/div><\/div><\/div><div class=\"fusion-fullwidth fullwidth-box fusion-builder-row-2 fusion-flex-container nonhundred-percent-fullwidth non-hundred-percent-height-scrolling\" style=\"--awb-border-radius-top-left:0px;--awb-border-radius-top-right:0px;--awb-border-radius-bottom-right:0px;--awb-border-radius-bottom-left:0px;--awb-margin-top:40px;--awb-flex-wrap:wrap;\" ><div class=\"fusion-builder-row fusion-row fusion-flex-align-items-flex-start fusion-flex-content-wrap\" style=\"max-width:1248px;margin-left: calc(-4% \/ 2 );margin-right: calc(-4% \/ 2 );\"><div class=\"fusion-layout-column fusion_builder_column fusion-builder-column-1 fusion_builder_column_1_2 1_2 fusion-flex-column\" style=\"--awb-bg-size:cover;--awb-width-large:50%;--awb-margin-top-large:0px;--awb-spacing-right-large:3.84%;--awb-margin-bottom-large:20px;--awb-spacing-left-large:3.84%;--awb-width-medium:100%;--awb-order-medium:0;--awb-spacing-right-medium:1.92%;--awb-spacing-left-medium:1.92%;--awb-width-small:100%;--awb-order-small:0;--awb-spacing-right-small:1.92%;--awb-spacing-left-small:1.92%;\"><div class=\"fusion-column-wrapper fusion-column-has-shadow fusion-flex-justify-content-flex-start fusion-content-layout-column\"><div class=\"fusion-text fusion-text-1\" style=\"--awb-text-transform:none;\"><p><strong>Eilert-Akademie<\/strong><br \/>\nDr. Dirk W. Eilert<br \/>\nFrieda-Arnheim-Promenade 14<br \/>\n13585 Berlin<br \/>\nDeutschland<\/p>\n<p>Tel: 030 &#8211; 166 369 62 &#8211; 0<\/p>\n<p>Email: <a href=\"mailto:info@eilert-akademie.de\">info@eilert-akademie.de<\/a><\/p>\n<p>USt-IdNr. DE200249524<\/p>\n<p>Inhaltlich Verantwortlicher: Dr. Dirk W. Eilert<\/p>\n<p>Informationen zur Online-Streitbeilegung: Die EU-Kommission wird im ersten Quartal 2016 eine Internetplattform zur Online-Beilegung von Streitigkeiten (sog. \u201eOS-Plattform\u201c) bereitstellen. Die OS-Plattform soll als Anlaufstelle zur au\u00dfergerichtlichen Beilegung von Streitigkeiten betreffend vertragliche Verpflichtungen, die aus Online-Kaufvertr\u00e4gen erwachsen, dienen. Die OS-Plattform wird unter folgendem Link erreichbar sein: <a href=\"http:\/\/ec.europa.eu\/consumers\/odr\" target=\"_blank\" rel=\"noopener noreferrer\">http:\/\/ec.europa.eu\/consumers\/odr<\/a><\/p>\n<p><strong>Haftungsausschluss:<\/strong><br \/>\nEilert-Akademie, Dirk W. Eilert erkl\u00e4rt ausdr\u00fccklich, dass zum Zeitpunkt einer Linksetzung die entsprechend verlinkten Seiten frei von illegalen Inhalten waren. Des weiteren wird keine Garantie daf\u00fcr \u00fcbernommen, dass die auf dieser Website bereitgestellten Informationen vollst\u00e4ndig, richtig und in jedem Fall aktuell sind. Dies gilt auch f\u00fcr alle Verlinkungen\/Verbindungen, auf die diese Website direkt oder indirekt verweist.Eilert-Akademie, Dirk W. Eilert hat keinerlei Einfluss auf die aktuelle und zuk\u00fcnftige Gestaltung sowie auf die Inhalte der verkn\u00fcpften Seiten und ist f\u00fcr den Inhalt einer Seite, die mit einer solchen Verlinkung\/Verbindung erreicht wird, nicht verantwortlich.<\/p>\n<\/div><\/div><\/div><div class=\"fusion-layout-column fusion_builder_column fusion-builder-column-2 fusion_builder_column_1_2 1_2 fusion-flex-column\" style=\"--awb-bg-size:cover;--awb-width-large:50%;--awb-margin-top-large:0px;--awb-spacing-right-large:3.84%;--awb-margin-bottom-large:20px;--awb-spacing-left-large:3.84%;--awb-width-medium:100%;--awb-order-medium:0;--awb-spacing-right-medium:1.92%;--awb-spacing-left-medium:1.92%;--awb-width-small:100%;--awb-order-small:0;--awb-spacing-right-small:1.92%;--awb-spacing-left-small:1.92%;\"><div class=\"fusion-column-wrapper fusion-column-has-shadow fusion-flex-justify-content-flex-start fusion-content-layout-column\"><div class=\"fusion-text fusion-text-2\"><p><strong>Urheberrechtliche Hinweise: <\/strong><br \/>\nEilert-Akademie, Dr. Dirk W. Eilert ist bestrebt, in allen Publikationen die Urheberrechte der verwendeten Grafiken und Texte zu beachten, von ihm selbst erstellte Grafiken und Texte zu nutzen oder auf lizenzfreie Grafiken und Texte zur\u00fcckzugreifen. Alle innerhalb des Internetangebotes genannten und ggf. durch Dritte gesch\u00fctzten Marken- und Warenzeichen unterliegen uneingeschr\u00e4nkt den Bestimmungen des jeweils g\u00fcltigen Kennzeichenrechts und den Besitzrechten der jeweiligen eingetragenen Eigent\u00fcmer.<\/p>\n<p><strong>Copyright<\/strong>:<br \/>\nDas Copyright f\u00fcr ver\u00f6ffentlichte, selbst erstellte Objekte bleibt allein beim Betreiber: Eilert-Akademie, Dr. Dirk W. Eilert. Eine Vervielf\u00e4ltigung oder Verwendung der Grafiken und Texte in anderen elektronischen oder gedruckten Publikationen ist ohne ausdr\u00fcckliche Zustimmung nicht gestattet.<\/p>\n<p><strong>Gestaltung &amp; Programmierung:<\/strong><br \/>\n<a href=\"http:\/\/www.netfish-design.de\" target=\"_blank\" rel=\"noopener noreferrer\">netfish-design<\/a><\/p>\n<p><strong>Fotos:<\/strong><br \/>\nGiraffen am Wasserloch, Namibia \u00a9 Cornelia Pithart, shutterstock.com<br \/>\nFrau, \u00e4ngstlich \u00a9 Luis Molinero, shutterstock.com<br \/>\nFrau verzweifelt \u00a9 fizkes, shutterstock.com<br \/>\nFrau Fenster \u00a9 Africa Studie, shutterstock.com<br \/>\nBusiness-Mann \u00a9 fizkes,\u00a0shutterstock.comDiverse Bilder inkl. Portraits Dirk Eilert, Team und Akademie \u00a9 Hans Scherhaufer<br \/>\nGrafiken Gehirn\/ Neuroscience \u00a9 Patrick Bohr<br \/>\nLandscape mit hot air ballon \u00a9 song_about_summer, <a href=\"http:\/\/stock.adobe.com\" target=\"_blank\" rel=\"noopener\">stock.adobe.com<\/a><br \/>\nDrei Giraffen \u00a9 Volodymyr Burdiak, <a href=\"http:\/\/shutterstock.com\" target=\"_blank\" rel=\"noopener\">shutterstock.com<\/a><br \/>\nZwei Elefanten \u00a9 Craig Morrison, <a href=\"http:\/\/shutterstock.com\" target=\"_blank\" rel=\"noopener\">shutterstock.com<\/a><br \/>\nGruppenbild Teilnehmer Mimikresonanz \u00a9 Stine Olsok<br \/>\nJunge Frau schaut Sequoia B\u00e4ume an \u00a9 swissmediavision, <a href=\"http:\/\/istockphoto.com\" target=\"_blank\" rel=\"noopener\">istockphoto.com<\/a><br \/>\nSeilkletter klettern einen Berg w\u00e4hrend des Sonnenuntergangs entlang \u00a9 Pict Rider, <a href=\"http:\/\/istockphoto.com\" target=\"_blank\" rel=\"noopener\">istockphoto.com<\/a><br \/>\nFrau hebt Arm Sonne \/ Erfolg und Sieg \u00a9 kieferpix, <a href=\"http:\/\/istockphoto.com\" target=\"_blank\" rel=\"noopener\">istockphoto.com<\/a><br \/>\nWandere helfen einander Silhouetten in Bergen mit Sonnenlicht \u00a9 iBrave, <a href=\"http:\/\/istockphoto.com\" target=\"_blank\" rel=\"noopener\">istockphoto.com<\/a><br \/>\nBergsteiger wirft Seil mit Sonne \u00a9 vernonwiley, <a href=\"http:\/\/istockphoto.com\" target=\"_blank\" rel=\"noopener\">istockphoto.com<\/a><br \/>\nStorytelling \u00a9 bombermoon, <a href=\"http:\/\/istockphoto.com\" target=\"_blank\" rel=\"noopener\">istockphoto.com<\/a><br \/>\nTeamgeist\u00a0 \u00a9 TarasMalyarevich, <a href=\"http:\/\/depositphotos.com\" target=\"_blank\" rel=\"noopener\">depositphotos.com<\/a><br \/>\nSetzling Pflanze Sonne \u00a9 amenic181, <a href=\"http:\/\/depositphotos.com\" target=\"_blank\" rel=\"noopener\">depositphotos.com<\/a><br \/>\nBack view of strong motivated woman celebrating workout goals towards the sun. \u00a9 Dirima, <a href=\"http:\/\/stock.adobe.com\/de\/\" target=\"_blank\" rel=\"noopener\">stock.adobe.com\/de\/<\/a><\/p>\n<\/div><\/div><\/div><\/div><\/div><\/p>\n","protected":false},"excerpt":{"rendered":"","protected":false},"author":1,"featured_media":0,"parent":0,"menu_order":0,"comment_status":"closed","ping_status":"closed","template":"100-width.php","meta":{"_acf_changed":false,"footnotes":""},"class_list":["post-8066","page","type-page","status-publish","hentry"],"acf":[],"yoast_head":"<!-- This site is optimized with the Yoast SEO plugin v27.5 - https:\/\/yoast.com\/product\/yoast-seo-wordpress\/ -->\n<title>Impressum der Eilert-Akademie | The Science of Emotions<\/title>\n<meta name=\"description\" content=\"Auf dieser Seite finden Sie dasImpressum der Eilert-Akademie | The Science of Emotions. F\u00fcr weitere Fragen wenden Sie sich bitte an uns.\" \/>\n<meta name=\"robots\" content=\"index, follow, max-snippet:-1, max-image-preview:large, max-video-preview:-1\" \/>\n<link rel=\"canonical\" href=\"https:\/\/eilert-akademie.com\/at\/impressum\/\" \/>\n<meta property=\"og:locale\" content=\"de_DE\" \/>\n<meta property=\"og:type\" content=\"article\" \/>\n<meta property=\"og:title\" content=\"Impressum der Eilert-Akademie | The Science of Emotions\" \/>\n<meta property=\"og:description\" content=\"Auf dieser Seite finden Sie dasImpressum der Eilert-Akademie | The Science of Emotions. F\u00fcr weitere Fragen wenden Sie sich bitte an uns.\" \/>\n<meta property=\"og:url\" content=\"https:\/\/eilert-akademie.com\/at\/impressum\/\" \/>\n<meta property=\"og:site_name\" content=\"Eilert-Akademie | The Science of Emotions\" \/>\n<meta property=\"article:publisher\" content=\"https:\/\/www.facebook.com\/EilertAkademie\" \/>\n<meta property=\"article:modified_time\" content=\"2025-08-21T12:47:59+00:00\" \/>\n<meta name=\"twitter:card\" content=\"summary_large_image\" \/>\n<meta name=\"twitter:site\" content=\"@EilertAkademie\" \/>\n<meta name=\"twitter:label1\" content=\"Gesch\u00e4tzte Lesezeit\" \/>\n\t<meta name=\"twitter:data1\" content=\"4 Minuten\" \/>\n<script type=\"application\/ld+json\" class=\"yoast-schema-graph\">{\"@context\":\"https:\\\/\\\/schema.org\",\"@graph\":[{\"@type\":\"WebPage\",\"@id\":\"https:\\\/\\\/eilert-akademie.com\\\/at\\\/impressum\\\/\",\"url\":\"https:\\\/\\\/eilert-akademie.com\\\/at\\\/impressum\\\/\",\"name\":\"Impressum der Eilert-Akademie | The Science of Emotions\",\"isPartOf\":{\"@id\":\"https:\\\/\\\/eilert-akademie.com\\\/at\\\/#website\"},\"datePublished\":\"2020-11-04T14:18:14+00:00\",\"dateModified\":\"2025-08-21T12:47:59+00:00\",\"description\":\"Auf dieser Seite finden Sie dasImpressum der Eilert-Akademie | The Science of Emotions. F\u00fcr weitere Fragen wenden Sie sich bitte an uns.\",\"breadcrumb\":{\"@id\":\"https:\\\/\\\/eilert-akademie.com\\\/at\\\/impressum\\\/#breadcrumb\"},\"inLanguage\":\"de-AT\",\"potentialAction\":[{\"@type\":\"ReadAction\",\"target\":[\"https:\\\/\\\/eilert-akademie.com\\\/at\\\/impressum\\\/\"]}]},{\"@type\":\"BreadcrumbList\",\"@id\":\"https:\\\/\\\/eilert-akademie.com\\\/at\\\/impressum\\\/#breadcrumb\",\"itemListElement\":[{\"@type\":\"ListItem\",\"position\":1,\"name\":\"Startseite\",\"item\":\"https:\\\/\\\/eilert-akademie.com\\\/at\\\/\"},{\"@type\":\"ListItem\",\"position\":2,\"name\":\"Impressum\"}]},{\"@type\":\"WebSite\",\"@id\":\"https:\\\/\\\/eilert-akademie.com\\\/at\\\/#website\",\"url\":\"https:\\\/\\\/eilert-akademie.com\\\/at\\\/\",\"name\":\"Eilert-Akademie | The Science of Emotions\",\"description\":\"Ausbildung zum emTrace-Coach, zum Mimikresonanz-Trainer und zum Mesource-Facilitator. Mit drei S\u00e4ulen zum Experten f\u00fcr emotionale Intelligenz.\",\"publisher\":{\"@id\":\"https:\\\/\\\/eilert-akademie.com\\\/at\\\/#organization\"},\"potentialAction\":[{\"@type\":\"SearchAction\",\"target\":{\"@type\":\"EntryPoint\",\"urlTemplate\":\"https:\\\/\\\/eilert-akademie.com\\\/at\\\/?s={search_term_string}\"},\"query-input\":{\"@type\":\"PropertyValueSpecification\",\"valueRequired\":true,\"valueName\":\"search_term_string\"}}],\"inLanguage\":\"de-AT\"},{\"@type\":\"Organization\",\"@id\":\"https:\\\/\\\/eilert-akademie.com\\\/at\\\/#organization\",\"name\":\"Eilert-Akademie\",\"url\":\"https:\\\/\\\/eilert-akademie.com\\\/at\\\/\",\"logo\":{\"@type\":\"ImageObject\",\"inLanguage\":\"de-AT\",\"@id\":\"https:\\\/\\\/eilert-akademie.com\\\/at\\\/#\\\/schema\\\/logo\\\/image\\\/\",\"url\":\"https:\\\/\\\/eilert-akademie.com\\\/wp-content\\\/uploads\\\/2020\\\/07\\\/eilert-akademie-logo.png\",\"contentUrl\":\"https:\\\/\\\/eilert-akademie.com\\\/wp-content\\\/uploads\\\/2020\\\/07\\\/eilert-akademie-logo.png\",\"width\":326,\"height\":112,\"caption\":\"Eilert-Akademie\"},\"image\":{\"@id\":\"https:\\\/\\\/eilert-akademie.com\\\/at\\\/#\\\/schema\\\/logo\\\/image\\\/\"},\"sameAs\":[\"https:\\\/\\\/www.facebook.com\\\/EilertAkademie\",\"https:\\\/\\\/x.com\\\/EilertAkademie\",\"https:\\\/\\\/www.instagram.com\\\/eilertakademie\\\/\",\"https:\\\/\\\/de.wikipedia.org\\\/wiki\\\/Dirk_Eilert\"]}]}<\/script>\n<!-- \/ Yoast SEO plugin. -->","yoast_head_json":{"title":"Impressum der Eilert-Akademie | The Science of Emotions","description":"Auf dieser Seite finden Sie dasImpressum der Eilert-Akademie | The Science of Emotions. F\u00fcr weitere Fragen wenden Sie sich bitte an uns.","robots":{"index":"index","follow":"follow","max-snippet":"max-snippet:-1","max-image-preview":"max-image-preview:large","max-video-preview":"max-video-preview:-1"},"canonical":"https:\/\/eilert-akademie.com\/at\/impressum\/","og_locale":"de_DE","og_type":"article","og_title":"Impressum der Eilert-Akademie | The Science of Emotions","og_description":"Auf dieser Seite finden Sie dasImpressum der Eilert-Akademie | The Science of Emotions. F\u00fcr weitere Fragen wenden Sie sich bitte an uns.","og_url":"https:\/\/eilert-akademie.com\/at\/impressum\/","og_site_name":"Eilert-Akademie | The Science of Emotions","article_publisher":"https:\/\/www.facebook.com\/EilertAkademie","article_modified_time":"2025-08-21T12:47:59+00:00","twitter_card":"summary_large_image","twitter_site":"@EilertAkademie","twitter_misc":{"Gesch\u00e4tzte Lesezeit":"4 Minuten"},"schema":{"@context":"https:\/\/schema.org","@graph":[{"@type":"WebPage","@id":"https:\/\/eilert-akademie.com\/at\/impressum\/","url":"https:\/\/eilert-akademie.com\/at\/impressum\/","name":"Impressum der Eilert-Akademie | The Science of Emotions","isPartOf":{"@id":"https:\/\/eilert-akademie.com\/at\/#website"},"datePublished":"2020-11-04T14:18:14+00:00","dateModified":"2025-08-21T12:47:59+00:00","description":"Auf dieser Seite finden Sie dasImpressum der Eilert-Akademie | The Science of Emotions. F\u00fcr weitere Fragen wenden Sie sich bitte an uns.","breadcrumb":{"@id":"https:\/\/eilert-akademie.com\/at\/impressum\/#breadcrumb"},"inLanguage":"de-AT","potentialAction":[{"@type":"ReadAction","target":["https:\/\/eilert-akademie.com\/at\/impressum\/"]}]},{"@type":"BreadcrumbList","@id":"https:\/\/eilert-akademie.com\/at\/impressum\/#breadcrumb","itemListElement":[{"@type":"ListItem","position":1,"name":"Startseite","item":"https:\/\/eilert-akademie.com\/at\/"},{"@type":"ListItem","position":2,"name":"Impressum"}]},{"@type":"WebSite","@id":"https:\/\/eilert-akademie.com\/at\/#website","url":"https:\/\/eilert-akademie.com\/at\/","name":"Eilert-Akademie | The Science of Emotions","description":"Ausbildung zum emTrace-Coach, zum Mimikresonanz-Trainer und zum Mesource-Facilitator. Mit drei S\u00e4ulen zum Experten f\u00fcr emotionale Intelligenz.","publisher":{"@id":"https:\/\/eilert-akademie.com\/at\/#organization"},"potentialAction":[{"@type":"SearchAction","target":{"@type":"EntryPoint","urlTemplate":"https:\/\/eilert-akademie.com\/at\/?s={search_term_string}"},"query-input":{"@type":"PropertyValueSpecification","valueRequired":true,"valueName":"search_term_string"}}],"inLanguage":"de-AT"},{"@type":"Organization","@id":"https:\/\/eilert-akademie.com\/at\/#organization","name":"Eilert-Akademie","url":"https:\/\/eilert-akademie.com\/at\/","logo":{"@type":"ImageObject","inLanguage":"de-AT","@id":"https:\/\/eilert-akademie.com\/at\/#\/schema\/logo\/image\/","url":"https:\/\/eilert-akademie.com\/wp-content\/uploads\/2020\/07\/eilert-akademie-logo.png","contentUrl":"https:\/\/eilert-akademie.com\/wp-content\/uploads\/2020\/07\/eilert-akademie-logo.png","width":326,"height":112,"caption":"Eilert-Akademie"},"image":{"@id":"https:\/\/eilert-akademie.com\/at\/#\/schema\/logo\/image\/"},"sameAs":["https:\/\/www.facebook.com\/EilertAkademie","https:\/\/x.com\/EilertAkademie","https:\/\/www.instagram.com\/eilertakademie\/","https:\/\/de.wikipedia.org\/wiki\/Dirk_Eilert"]}]}},"post_mailing_queue_ids":[],"_links":{"self":[{"href":"https:\/\/eilert-akademie.com\/at\/wp-json\/wp\/v2\/pages\/8066","targetHints":{"allow":["GET"]}}],"collection":[{"href":"https:\/\/eilert-akademie.com\/at\/wp-json\/wp\/v2\/pages"}],"about":[{"href":"https:\/\/eilert-akademie.com\/at\/wp-json\/wp\/v2\/types\/page"}],"author":[{"embeddable":true,"href":"https:\/\/eilert-akademie.com\/at\/wp-json\/wp\/v2\/users\/1"}],"replies":[{"embeddable":true,"href":"https:\/\/eilert-akademie.com\/at\/wp-json\/wp\/v2\/comments?post=8066"}],"version-history":[{"count":7,"href":"https:\/\/eilert-akademie.com\/at\/wp-json\/wp\/v2\/pages\/8066\/revisions"}],"predecessor-version":[{"id":21196,"href":"https:\/\/eilert-akademie.com\/at\/wp-json\/wp\/v2\/pages\/8066\/revisions\/21196"}],"wp:attachment":[{"href":"https:\/\/eilert-akademie.com\/at\/wp-json\/wp\/v2\/media?parent=8066"}],"curies":[{"name":"wp","href":"https:\/\/api.w.org\/{rel}","templated":true}]}}